{"id":31,"date":"2016-11-07T20:49:34","date_gmt":"2016-11-07T20:49:34","guid":{"rendered":"http:\/\/obstgut-bonhausen.de\/?page_id=31"},"modified":"2021-02-05T21:24:35","modified_gmt":"2021-02-05T21:24:35","slug":"anbau-und-sortierung","status":"publish","type":"page","link":"https:\/\/www.obstgut-bonhausen.de\/?page_id=31","title":{"rendered":"Anbau"},"content":{"rendered":"<p>[vc_row][vc_column width=&#8220;1\/2&#8243;][vc_custom_heading text=&#8220;Biologischer Obstanbau&#8220; font_container=&#8220;tag:h1|text_align:right&#8220; use_theme_fonts=&#8220;yes&#8220; css=&#8220;.vc_custom_1488571290391{padding-bottom: 40px !important;padding-left: 100px !important;}&#8220;]<div class=\"dt-photos-shortcode slider-wrapper shortcode-instagram dt-gallery-container arrows-accent enable-mobile-arrows\" data-padding-side=\"20\" data-autoslide=\"true\" data-delay=\"5000\" data-loop=\"true\"><div class=\"frame fullwidth-slider\"><ul class=\"clearfix\"><li class=\"fs-entry\">\n<article class=\"post post-682 attachment type-attachment status-inherit hentry no-img description-off\">\n\n\t<figure class=\"rollover-project links-hovers-disabled\">\n\t<a href=\"https:\/\/www.obstgut-bonhausen.de\/wp-content\/uploads\/2016\/11\/joachim2.jpg\" class=\"rollover rollover-zoom dt-mfp-item mfp-image layzr-bg\" title=\"joachim2\" data-dt-img-description=\"\" ><img class=\"lazy-load preload-me\" src=\"data:image\/svg+xml;charset=utf-8,%3Csvg xmlns%3D'http%3A%2F%2Fwww.w3.org%2F2000%2Fsvg' viewBox%3D'0 0 540 342'%2F%3E\" data-src=\"https:\/\/www.obstgut-bonhausen.de\/wp-content\/uploads\/2016\/11\/joachim2-540x342.jpg\" data-srcset=\"https:\/\/www.obstgut-bonhausen.de\/wp-content\/uploads\/2016\/11\/joachim2-540x342.jpg 540w, https:\/\/www.obstgut-bonhausen.de\/wp-content\/uploads\/2016\/11\/joachim2-813x514.jpg 813w\" alt=\"\" width=\"540\" height=\"342\"  \/><\/a>\t<\/figure>\n<\/article>\n\n<\/li><li class=\"fs-entry\">\n<article class=\"post post-549 attachment type-attachment status-inherit hentry no-img description-off\">\n\n\t<figure class=\"rollover-project links-hovers-disabled\">\n\t<a href=\"https:\/\/www.obstgut-bonhausen.de\/wp-content\/uploads\/2017\/03\/erntehelfer3.jpg\" class=\"rollover rollover-zoom dt-mfp-item mfp-image layzr-bg\" title=\"erntehelfer3\" data-dt-img-description=\"\" ><img class=\"lazy-load preload-me\" src=\"data:image\/svg+xml;charset=utf-8,%3Csvg xmlns%3D'http%3A%2F%2Fwww.w3.org%2F2000%2Fsvg' viewBox%3D'0 0 540 342'%2F%3E\" data-src=\"https:\/\/www.obstgut-bonhausen.de\/wp-content\/uploads\/2017\/03\/erntehelfer3-540x342.jpg\" data-srcset=\"https:\/\/www.obstgut-bonhausen.de\/wp-content\/uploads\/2017\/03\/erntehelfer3-540x342.jpg 540w, https:\/\/www.obstgut-bonhausen.de\/wp-content\/uploads\/2017\/03\/erntehelfer3-813x514.jpg 813w\" alt=\"\" width=\"540\" height=\"342\"  \/><\/a>\t<\/figure>\n<\/article>\n\n<\/li><li class=\"fs-entry\">\n<article class=\"post post-552 attachment type-attachment status-inherit hentry no-img description-off\">\n\n\t<figure class=\"rollover-project links-hovers-disabled\">\n\t<a href=\"https:\/\/www.obstgut-bonhausen.de\/wp-content\/uploads\/2017\/03\/hagelnetz2.jpg\" class=\"rollover rollover-zoom dt-mfp-item mfp-image layzr-bg\" title=\"hagelnetz2\" data-dt-img-description=\"\" ><img class=\"lazy-load preload-me\" src=\"data:image\/svg+xml;charset=utf-8,%3Csvg xmlns%3D'http%3A%2F%2Fwww.w3.org%2F2000%2Fsvg' viewBox%3D'0 0 540 342'%2F%3E\" data-src=\"https:\/\/www.obstgut-bonhausen.de\/wp-content\/uploads\/2017\/03\/hagelnetz2-540x342.jpg\" data-srcset=\"https:\/\/www.obstgut-bonhausen.de\/wp-content\/uploads\/2017\/03\/hagelnetz2-540x342.jpg 540w, https:\/\/www.obstgut-bonhausen.de\/wp-content\/uploads\/2017\/03\/hagelnetz2-813x514.jpg 813w\" alt=\"\" width=\"540\" height=\"342\"  \/><\/a>\t<\/figure>\n<\/article>\n\n<\/li><li class=\"fs-entry\">\n<article class=\"post post-547 attachment type-attachment status-inherit hentry no-img description-off\">\n\n\t<figure class=\"rollover-project links-hovers-disabled\">\n\t<a href=\"https:\/\/www.obstgut-bonhausen.de\/wp-content\/uploads\/2017\/03\/baumeinschlag.jpg\" class=\"rollover rollover-zoom dt-mfp-item mfp-image layzr-bg\" title=\"baumeinschlag\" data-dt-img-description=\"\" ><img class=\"lazy-load preload-me\" src=\"data:image\/svg+xml;charset=utf-8,%3Csvg xmlns%3D'http%3A%2F%2Fwww.w3.org%2F2000%2Fsvg' viewBox%3D'0 0 540 342'%2F%3E\" data-src=\"https:\/\/www.obstgut-bonhausen.de\/wp-content\/uploads\/2017\/03\/baumeinschlag-540x342.jpg\" data-srcset=\"https:\/\/www.obstgut-bonhausen.de\/wp-content\/uploads\/2017\/03\/baumeinschlag-540x342.jpg 540w, https:\/\/www.obstgut-bonhausen.de\/wp-content\/uploads\/2017\/03\/baumeinschlag-813x514.jpg 813w\" alt=\"\" width=\"540\" height=\"342\"  \/><\/a>\t<\/figure>\n<\/article>\n\n<\/li><li class=\"fs-entry\">\n<article class=\"post post-548 attachment type-attachment status-inherit hentry no-img description-off\">\n\n\t<figure class=\"rollover-project links-hovers-disabled\">\n\t<a href=\"https:\/\/www.obstgut-bonhausen.de\/wp-content\/uploads\/2017\/03\/erntehelfer2.jpg\" class=\"rollover rollover-zoom dt-mfp-item mfp-image layzr-bg\" title=\"erntehelfer2\" data-dt-img-description=\"\" ><img class=\"lazy-load preload-me\" src=\"data:image\/svg+xml;charset=utf-8,%3Csvg xmlns%3D'http%3A%2F%2Fwww.w3.org%2F2000%2Fsvg' viewBox%3D'0 0 540 342'%2F%3E\" data-src=\"https:\/\/www.obstgut-bonhausen.de\/wp-content\/uploads\/2017\/03\/erntehelfer2-540x342.jpg\" data-srcset=\"https:\/\/www.obstgut-bonhausen.de\/wp-content\/uploads\/2017\/03\/erntehelfer2-540x342.jpg 540w, https:\/\/www.obstgut-bonhausen.de\/wp-content\/uploads\/2017\/03\/erntehelfer2-813x514.jpg 813w\" alt=\"\" width=\"540\" height=\"342\"  \/><\/a>\t<\/figure>\n<\/article>\n\n<\/li><li class=\"fs-entry\">\n<article class=\"post post-550 attachment type-attachment status-inherit hentry no-img description-off\">\n\n\t<figure class=\"rollover-project links-hovers-disabled\">\n\t<a href=\"https:\/\/www.obstgut-bonhausen.de\/wp-content\/uploads\/2017\/03\/erntehelfer4.jpg\" class=\"rollover rollover-zoom dt-mfp-item mfp-image layzr-bg\" title=\"erntehelfer4\" data-dt-img-description=\"\" ><img class=\"lazy-load preload-me\" src=\"data:image\/svg+xml;charset=utf-8,%3Csvg xmlns%3D'http%3A%2F%2Fwww.w3.org%2F2000%2Fsvg' viewBox%3D'0 0 540 342'%2F%3E\" data-src=\"https:\/\/www.obstgut-bonhausen.de\/wp-content\/uploads\/2017\/03\/erntehelfer4-540x342.jpg\" data-srcset=\"https:\/\/www.obstgut-bonhausen.de\/wp-content\/uploads\/2017\/03\/erntehelfer4-540x342.jpg 540w, https:\/\/www.obstgut-bonhausen.de\/wp-content\/uploads\/2017\/03\/erntehelfer4-813x514.jpg 813w\" alt=\"\" width=\"540\" height=\"342\"  \/><\/a>\t<\/figure>\n<\/article>\n\n<\/li><li class=\"fs-entry\">\n<article class=\"post post-551 attachment type-attachment status-inherit hentry no-img description-off\">\n\n\t<figure class=\"rollover-project links-hovers-disabled\">\n\t<a href=\"https:\/\/www.obstgut-bonhausen.de\/wp-content\/uploads\/2017\/03\/hagelnetz-winter.jpg\" class=\"rollover rollover-zoom dt-mfp-item mfp-image layzr-bg\" title=\"hagelnetz-winter\" data-dt-img-description=\"\" ><img class=\"lazy-load preload-me\" src=\"data:image\/svg+xml;charset=utf-8,%3Csvg xmlns%3D'http%3A%2F%2Fwww.w3.org%2F2000%2Fsvg' viewBox%3D'0 0 540 342'%2F%3E\" data-src=\"https:\/\/www.obstgut-bonhausen.de\/wp-content\/uploads\/2017\/03\/hagelnetz-winter-540x342.jpg\" data-srcset=\"https:\/\/www.obstgut-bonhausen.de\/wp-content\/uploads\/2017\/03\/hagelnetz-winter-540x342.jpg 540w, https:\/\/www.obstgut-bonhausen.de\/wp-content\/uploads\/2017\/03\/hagelnetz-winter-813x514.jpg 813w\" alt=\"\" width=\"540\" height=\"342\"  \/><\/a>\t<\/figure>\n<\/article>\n\n<\/li><li class=\"fs-entry\">\n<article class=\"post post-553 attachment type-attachment status-inherit hentry no-img description-off\">\n\n\t<figure class=\"rollover-project links-hovers-disabled\">\n\t<a href=\"https:\/\/www.obstgut-bonhausen.de\/wp-content\/uploads\/2017\/03\/hagelnetz3.jpg\" class=\"rollover rollover-zoom dt-mfp-item mfp-image layzr-bg\" title=\"hagelnetz3\" data-dt-img-description=\"\" ><img class=\"lazy-load preload-me\" src=\"data:image\/svg+xml;charset=utf-8,%3Csvg xmlns%3D'http%3A%2F%2Fwww.w3.org%2F2000%2Fsvg' viewBox%3D'0 0 540 342'%2F%3E\" data-src=\"https:\/\/www.obstgut-bonhausen.de\/wp-content\/uploads\/2017\/03\/hagelnetz3-540x342.jpg\" data-srcset=\"https:\/\/www.obstgut-bonhausen.de\/wp-content\/uploads\/2017\/03\/hagelnetz3-540x342.jpg 540w, https:\/\/www.obstgut-bonhausen.de\/wp-content\/uploads\/2017\/03\/hagelnetz3-813x514.jpg 813w\" alt=\"\" width=\"540\" height=\"342\"  \/><\/a>\t<\/figure>\n<\/article>\n\n<\/li><li class=\"fs-entry\">\n<article class=\"post post-555 attachment type-attachment status-inherit hentry no-img description-off\">\n\n\t<figure class=\"rollover-project links-hovers-disabled\">\n\t<a href=\"https:\/\/www.obstgut-bonhausen.de\/wp-content\/uploads\/2017\/03\/kisten.jpg\" class=\"rollover rollover-zoom dt-mfp-item mfp-image layzr-bg\" title=\"kisten\" data-dt-img-description=\"\" ><img class=\"lazy-load preload-me\" src=\"data:image\/svg+xml;charset=utf-8,%3Csvg xmlns%3D'http%3A%2F%2Fwww.w3.org%2F2000%2Fsvg' viewBox%3D'0 0 540 342'%2F%3E\" data-src=\"https:\/\/www.obstgut-bonhausen.de\/wp-content\/uploads\/2017\/03\/kisten-540x342.jpg\" data-srcset=\"https:\/\/www.obstgut-bonhausen.de\/wp-content\/uploads\/2017\/03\/kisten-540x342.jpg 540w, https:\/\/www.obstgut-bonhausen.de\/wp-content\/uploads\/2017\/03\/kisten-813x514.jpg 813w\" alt=\"\" width=\"540\" height=\"342\"  \/><\/a>\t<\/figure>\n<\/article>\n\n<\/li><li class=\"fs-entry\">\n<article class=\"post post-556 attachment type-attachment status-inherit hentry no-img description-off\">\n\n\t<figure class=\"rollover-project links-hovers-disabled\">\n\t<a href=\"https:\/\/www.obstgut-bonhausen.de\/wp-content\/uploads\/2017\/03\/krzysztof.jpg\" class=\"rollover rollover-zoom dt-mfp-item mfp-image layzr-bg\" title=\"krzysztof\" data-dt-img-description=\"\" ><img class=\"lazy-load preload-me\" src=\"data:image\/svg+xml;charset=utf-8,%3Csvg xmlns%3D'http%3A%2F%2Fwww.w3.org%2F2000%2Fsvg' viewBox%3D'0 0 540 342'%2F%3E\" data-src=\"https:\/\/www.obstgut-bonhausen.de\/wp-content\/uploads\/2017\/03\/krzysztof-540x342.jpg\" data-srcset=\"https:\/\/www.obstgut-bonhausen.de\/wp-content\/uploads\/2017\/03\/krzysztof-540x342.jpg 540w, https:\/\/www.obstgut-bonhausen.de\/wp-content\/uploads\/2017\/03\/krzysztof-813x514.jpg 813w\" alt=\"\" width=\"540\" height=\"342\"  \/><\/a>\t<\/figure>\n<\/article>\n\n<\/li><li class=\"fs-entry\">\n<article class=\"post post-557 attachment type-attachment status-inherit hentry no-img description-off\">\n\n\t<figure class=\"rollover-project links-hovers-disabled\">\n\t<a href=\"https:\/\/www.obstgut-bonhausen.de\/wp-content\/uploads\/2017\/03\/pflanzmaschine.jpg\" class=\"rollover rollover-zoom dt-mfp-item mfp-image layzr-bg\" title=\"pflanzmaschine\" data-dt-img-description=\"\" ><img class=\"lazy-load preload-me\" src=\"data:image\/svg+xml;charset=utf-8,%3Csvg xmlns%3D'http%3A%2F%2Fwww.w3.org%2F2000%2Fsvg' viewBox%3D'0 0 540 342'%2F%3E\" data-src=\"https:\/\/www.obstgut-bonhausen.de\/wp-content\/uploads\/2017\/03\/pflanzmaschine-540x342.jpg\" data-srcset=\"https:\/\/www.obstgut-bonhausen.de\/wp-content\/uploads\/2017\/03\/pflanzmaschine-540x342.jpg 540w, https:\/\/www.obstgut-bonhausen.de\/wp-content\/uploads\/2017\/03\/pflanzmaschine-813x514.jpg 813w\" alt=\"\" width=\"540\" height=\"342\"  \/><\/a>\t<\/figure>\n<\/article>\n\n<\/li><li class=\"fs-entry\">\n<article class=\"post post-558 attachment type-attachment status-inherit hentry no-img description-off\">\n\n\t<figure class=\"rollover-project links-hovers-disabled\">\n\t<a href=\"https:\/\/www.obstgut-bonhausen.de\/wp-content\/uploads\/2017\/03\/traktor.jpg\" class=\"rollover rollover-zoom dt-mfp-item mfp-image layzr-bg\" title=\"traktor\" data-dt-img-description=\"\" ><img class=\"lazy-load preload-me\" src=\"data:image\/svg+xml;charset=utf-8,%3Csvg xmlns%3D'http%3A%2F%2Fwww.w3.org%2F2000%2Fsvg' viewBox%3D'0 0 540 342'%2F%3E\" data-src=\"https:\/\/www.obstgut-bonhausen.de\/wp-content\/uploads\/2017\/03\/traktor-540x342.jpg\" data-srcset=\"https:\/\/www.obstgut-bonhausen.de\/wp-content\/uploads\/2017\/03\/traktor-540x342.jpg 540w, https:\/\/www.obstgut-bonhausen.de\/wp-content\/uploads\/2017\/03\/traktor-813x514.jpg 813w\" alt=\"\" width=\"540\" height=\"342\"  \/><\/a>\t<\/figure>\n<\/article>\n\n<\/li><li class=\"fs-entry\">\n<article class=\"post post-681 attachment type-attachment status-inherit hentry no-img description-off\">\n\n\t<figure class=\"rollover-project links-hovers-disabled\">\n\t<a href=\"https:\/\/www.obstgut-bonhausen.de\/wp-content\/uploads\/2016\/11\/joachim.jpg\" class=\"rollover rollover-zoom dt-mfp-item mfp-image layzr-bg\" title=\"joachim\" data-dt-img-description=\"\" ><img class=\"lazy-load preload-me\" src=\"data:image\/svg+xml;charset=utf-8,%3Csvg xmlns%3D'http%3A%2F%2Fwww.w3.org%2F2000%2Fsvg' viewBox%3D'0 0 540 342'%2F%3E\" data-src=\"https:\/\/www.obstgut-bonhausen.de\/wp-content\/uploads\/2016\/11\/joachim-540x342.jpg\" data-srcset=\"https:\/\/www.obstgut-bonhausen.de\/wp-content\/uploads\/2016\/11\/joachim-540x342.jpg 540w, https:\/\/www.obstgut-bonhausen.de\/wp-content\/uploads\/2016\/11\/joachim-813x514.jpg 813w\" alt=\"\" width=\"540\" height=\"342\"  \/><\/a>\t<\/figure>\n<\/article>\n\n<\/li><\/ul><\/div><div class=\"prev\"><i><\/i><\/div><div class=\"next\"><i><\/i><\/div><\/div>[\/vc_column][vc_column width=&#8220;1\/2&#8243; css=&#8220;.vc_custom_1480454734426{padding-right: 60px !important;}&#8220;][vc_custom_heading text=&#8220;Wer sich f\u00fcr den biologischen Anbau entscheidet, entscheidet sich f\u00fcr eine Zusammenarbeit mit der Natur.&#8220; use_theme_fonts=&#8220;yes&#8220; css=&#8220;.vc_custom_1487621788011{margin-bottom: 40px !important;}&#8220;][vc_column_text]<\/p>\n<p class=\"p1\"><span class=\"s1\">\u201eDie Obstb\u00e4ume sind unsere Partner, sie sind der Quell unseres Lebensunterhaltes&#8220;<\/span><\/p>\n<p class=\"p1\"><span class=\"s1\">Geschw\u00e4chte Pflanzen, die z.B. von Insekten oder Pilzkrankheiten befallen sind, versuchen wir mit dem Einsatz pflanzlicher und mineralischer Pr\u00e4parate zu st\u00e4rken, beziehungsweise den Befall einzuschr\u00e4nken und in das nat\u00fcrliche Gleichgewicht zu bringen.<\/span><\/p>\n<p class=\"p1\"><span class=\"s1\">Aus dem hofeigenen Teich wird das Wasser f\u00fcr die Anwendungen entnommen. \u00dcber ein eigens angelegtes Kreislaufsystem nimmt das Wasser viele lebendige Schwingungen auf und tr\u00e4gt zur St\u00e4rkung der B\u00e4ume auf nat\u00fcrliche Weise bei. Widerstandsf\u00e4hige Pflanzen sind ein wichtiger Faktor um qualitativ hochwertige Fr\u00fcchte zu erhalten. An unserem Obsthof stehen<span class=\"Apple-converted-space\">\u00a0 <\/span>auf ca. 95 % der Anbaufl\u00e4che resistente Apfelsorten wie Topaz, Natyra<span class=\"Apple-converted-space\">\u00a0 <\/span>und Santana, die gegen die Pilzkrankheit Schorf widerstandf\u00e4hig sind.<\/span><\/p>\n<p>[\/vc_column_text][\/vc_column][\/vc_row][vc_row][vc_column width=&#8220;1\/2&#8243;][\/vc_column][vc_column width=&#8220;1\/2&#8243; css=&#8220;.vc_custom_1480454734426{padding-right: 60px !important;}&#8220;][vc_column_text]<\/p>\n<h4>Lebendiger Boden<\/h4>\n<p>Der Boden ist unser wertvollstes Gut. Nur wenn dieser gesund ist, wachsen gesunde Pflanzen und Fr\u00fcchte. Daher arbeiten wir zus\u00e4tzlich zu der normalen organischen D\u00fcngung\u00a0 mit Energieprodukten. Diese beziehen wir von der Firma Plocher. Durch die Ber\u00fccksichtigung der energetischen Struktur der Pflanzen und des Bodens, beobachten wir seit Jahren eine steigende Bodenaktivit\u00e4t durch Regenw\u00fcrmer und einen stetigen Anstieg des Humusgehaltes.<\/p>\n<h4><\/h4>\n<h4><\/h4>\n<p>[\/vc_column_text][\/vc_column][\/vc_row][vc_row][vc_column width=&#8220;1\/2&#8243;][\/vc_column][vc_column width=&#8220;1\/2&#8243; css=&#8220;.vc_custom_1480454734426{padding-right: 60px !important;}&#8220;][vc_column_text]<\/p>\n<h4>Echte Handarbeit<\/h4>\n<p class=\"p1\"><span class=\"s1\">Mitte August beginnt die Obsternte mit der Sorte Santana. Sp\u00e4ter folgen Raika, Topaz, Galant und Natyra. Die Fr\u00fcchte werden von Hand in Pfl\u00fcckk\u00f6rbe gepfl\u00fcckt, welche dann in Gro\u00dfkisten entleert werden. Je nach Sorte muss bis zu vier Mal gepfl\u00fcckt werden, da die Fr\u00fcchte am Baum unterschiedlich ausreifen. Fr\u00fcchte, die nicht f\u00fcr den Tafelobstmarkt geeignet sind werden an die Industrie zur Weiterverarbeitung z.B. f\u00fcr Babynahrung oder an Bioobst &#8211; Mostereien geliefert. Ende Oktober ist die Ernte abgeschlossen.<\/span><\/p>\n<p class=\"p1\"><span class=\"s1\">Im Winterhalbjahr wird gepflanzt und die B\u00e4ume geschnitten um eine j\u00e4hrlich gleichm\u00e4\u00dfige Ernte zu erhalten.<\/span><\/p>\n<p class=\"p1\"><span class=\"s1\">Durch die vermehrten Unwetter im Fr\u00fchjahr und Sommer, sind 97% unserer Obstplantagen mit Hagelnetzen gesch\u00fctzt. Ohne diese Netze w\u00e4re eine gute Fruchtqualit\u00e4t in unserer Region nicht mehr sichergestellt.<\/span><\/p>\n<p>[\/vc_column_text]<div class=\" vc_custom_1487622288264 ubtn-ctn-left \"><a class=\"ubtn-link ult-adjust-bottom-margin ubtn-left ubtn-normal \" href = \"http:\/\/www.obstgut-bonhausen.de\/obstbau\/bio-obstgut-bonhausen\" target='' ><button type=\"button\" id=\"ubtn-6464\" class=\"ubtn ult-adjust-bottom-margin ult-responsive ubtn-normal ubtn-fade-bg  ulta-hover  ubtn-sep-icon ubtn-sep-icon-at-right  ubtn-left   tooltip-69f5cce7314f5\"  data-hover=\"#dd3333\" data-border-color=\"\" data-bg=\"#ffffff\" data-hover-bg=\"rgba(255,255,255,0.58)\" data-border-hover=\"\" data-shadow-hover=\"\" data-shadow-click=\"none\" data-shadow=\"\" data-shd-shadow=\"\"  data-ultimate-target='#ubtn-6464'  data-responsive-json-new='{\"font-size\":\"desktop:22px;\",\"line-height\":\"desktop:20px;\"}'  style=\"font-family:'Cormorant Garamond';font-style:italic;font-weight:500;border:none;background: #ffffff;color: #c65948;\"><span class=\"ubtn-data ubtn-icon\"><i class=\"Defaults-angle-right\" style=\"font-size:15px;color:#dd3333;\"><\/i><\/span><span class=\"ubtn-hover\" style=\"background-color:rgba(255,255,255,0.58)\"><\/span><span class=\"ubtn-data ubtn-text \" >Die Geschichte zum Obstgut<\/span><\/button><\/a><\/div>[\/vc_column][\/vc_row][vc_row][vc_column][vc_single_image image=&#8220;134&#8243; img_size=&#8220;full&#8220;][vc_column_text css=&#8220;.vc_custom_1487622337247{margin-top: 30px !important;margin-bottom: 50px !important;}&#8220;]<\/p>\n<h5 style=\"text-align: center;\"><span style=\"color: #ffcc00;\">\u00bb<\/span> Grau, teurer Freund, ist alle Theorie und gr\u00fcn des Lebens goldener Baum..<\/h5>\n<p style=\"text-align: center;\">Johann Wolfgang von Goethe<\/p>\n<p>[\/vc_column_text][vc_single_image image=&#8220;621&#8243; img_size=&#8220;large&#8220; css=&#8220;.vc_custom_1488910498832{padding-bottom: 50px !important;}&#8220;][\/vc_column][\/vc_row][vc_row type=&#8220;vc_default&#8220; full_width=&#8220;stretch_row_content_no_spaces&#8220; margin_top=&#8220;50px&#8220; full_width_row=&#8220;true&#8220;][vc_column]<div class=\"ult-content-box-container \" >\t\t<div class=\"ult-content-box\" style=\"background-image:url('https:\/\/www.obstgut-bonhausen.de\/wp-content\/uploads\/2016\/10\/footer-trenner-1-1024x121.jpg');background-size: contain;background-repeat: no-repeat;background-position: top;background-color: rgba(0, 0, 0, 0);box-shadow: 1px 1px 3px 3px #efefef none;padding-top:70px;-webkit-transition: all 700ms ease;-moz-transition: all 700ms ease;-ms-transition: all 700ms ease;-o-transition: all 700ms ease;transition: all 700ms ease;\"  data-hover_box_shadow=\"none\"    >[vc_row_inner css=&#8220;.vc_custom_1480454850931{margin-right: 0px !important;margin-left: 0px !important;border-right-width: 0px !important;border-left-width: 0px !important;padding-top: 50px !important;padding-right: 0px !important;padding-bottom: 50px !important;padding-left: 0px !important;background-color: #fff5da !important;}&#8220;][vc_column_inner width=&#8220;1\/3&#8243;][\/vc_column_inner][vc_column_inner width=&#8220;1\/3&#8243;][vc_column_text css=&#8220;.vc_custom_1491507476408{margin-bottom: 50px !important;}&#8220; el_class=&#8220;footer_nav&#8220;]<\/p>\n<p style=\"text-align: center;\"><a href=\"http:\/\/obstgut-bonhausen.de\/impressum\">Impressum<\/a> \u00a0 \u00a0 \u00a0 <a href=\"http:\/\/obstgut-bonhausen.de\/datenschutzerklaerung\">Datenschutzerkl\u00e4rung<\/a> \u00a0 \u00a0 \u00a0 <a href=\"http:\/\/obstgut-bonhausen.de\/kontakt\">Kontakt<\/a><\/p>\n<p style=\"text-align: center;\">\u00a9 2017 Obstgut Bonhausen<\/p>\n<p>[\/vc_column_text][vc_single_image image=&#8220;158&#8243; img_size=&#8220;&#8220; alignment=&#8220;center&#8220;][\/vc_column_inner][vc_column_inner width=&#8220;1\/3&#8243;][vc_single_image image=&#8220;170&#8243;][\/vc_column_inner][\/vc_row_inner]\t\t<\/div><\/div>[\/vc_column][\/vc_row]<\/p>\n","protected":false},"excerpt":{"rendered":"<p>[vc_row][vc_column width=&#8220;1\/2&#8243;][vc_custom_heading text=&#8220;Biologischer Obstanbau&#8220; font_container=&#8220;tag:h1|text_align:right&#8220; use_theme_fonts=&#8220;yes&#8220; css=&#8220;.vc_custom_1488571290391{padding-bottom: 40px !important;padding-left: 100px !important;}&#8220;][\/vc_column][vc_column width=&#8220;1\/2&#8243; css=&#8220;.vc_custom_1480454734426{padding-right: 60px !important;}&#8220;][vc_custom_heading text=&#8220;Wer sich f\u00fcr den biologischen Anbau entscheidet, entscheidet sich f\u00fcr eine Zusammenarbeit mit der Natur.&#8220; use_theme_fonts=&#8220;yes&#8220; css=&#8220;.vc_custom_1487621788011{margin-bottom: 40px !important;}&#8220;][vc_column_text] \u201eDie Obstb\u00e4ume sind unsere Partner, sie sind der Quell unseres Lebensunterhaltes&#8220; Geschw\u00e4chte Pflanzen, die z.B. von Insekten oder Pilzkrankheiten befallen sind,&hellip;<\/p>\n","protected":false},"author":1,"featured_media":0,"parent":0,"menu_order":0,"comment_status":"closed","ping_status":"closed","template":"","meta":{"_monsterinsights_skip_tracking":false,"_monsterinsights_sitenote_active":false,"_monsterinsights_sitenote_note":"","_monsterinsights_sitenote_category":0},"_links":{"self":[{"href":"https:\/\/www.obstgut-bonhausen.de\/index.php?rest_route=\/wp\/v2\/pages\/31"}],"collection":[{"href":"https:\/\/www.obstgut-bonhausen.de\/index.php?rest_route=\/wp\/v2\/pages"}],"about":[{"href":"https:\/\/www.obstgut-bonhausen.de\/index.php?rest_route=\/wp\/v2\/types\/page"}],"author":[{"embeddable":true,"href":"https:\/\/www.obstgut-bonhausen.de\/index.php?rest_route=\/wp\/v2\/users\/1"}],"replies":[{"embeddable":true,"href":"https:\/\/www.obstgut-bonhausen.de\/index.php?rest_route=%2Fwp%2Fv2%2Fcomments&post=31"}],"version-history":[{"count":23,"href":"https:\/\/www.obstgut-bonhausen.de\/index.php?rest_route=\/wp\/v2\/pages\/31\/revisions"}],"predecessor-version":[{"id":758,"href":"https:\/\/www.obstgut-bonhausen.de\/index.php?rest_route=\/wp\/v2\/pages\/31\/revisions\/758"}],"wp:attachment":[{"href":"https:\/\/www.obstgut-bonhausen.de\/index.php?rest_route=%2Fwp%2Fv2%2Fmedia&parent=31"}],"curies":[{"name":"wp","href":"https:\/\/api.w.org\/{rel}","templated":true}]}}